{"id":437,"date":"2025-09-18T13:41:33","date_gmt":"2025-09-18T11:41:33","guid":{"rendered":"https:\/\/scoolstory.pl\/?page_id=437"},"modified":"2025-09-19T12:23:41","modified_gmt":"2025-09-19T10:23:41","slug":"klasowa-sesja-zdjeciowa-w-plenerze","status":"publish","type":"page","link":"https:\/\/scoolstory.pl\/index.php\/klasowa-sesja-zdjeciowa-w-plenerze\/","title":{"rendered":"Klasowa sesja zdj\u0119ciowa w plenerze"},"content":{"rendered":"\n<h2 class=\"wp-block-heading\"><mark style=\"background-color:rgba(0, 0, 0, 0)\" class=\"has-inline-color has-black-color\"><strong>Zgoda na wykonanie zdj\u0119\u0107<\/strong><\/mark><\/h2>\n\n\n\n<p class=\"wp-block-paragraph\"><mark style=\"background-color:rgba(0, 0, 0, 0)\" class=\"has-inline-color has-black-color\">Przed sesj\u0105 uczniowie otrzymuj\u0105 od wychowawc\u00f3w formularze. Prosimy rodzic\u00f3w o podpisanie zgody na wykonanie zdj\u0119\u0107, je\u015bli \u017cycz\u0105 sobie Pa\u0144stwo, aby dzieci zosta\u0142y sfotografowane (dotyczy r\u00f3wnie\u017c zdj\u0119cia klasowego!).<br><br>Formularz mo\u017cna te\u017c pobra\u0107 <a href=\"https:\/\/scoolstory.pl\/dl\/zgoda.pdf\" data-type=\"link\" data-id=\"https:\/\/docs.google.com\/document\/d\/1KIFrXt4LmmRS-Q4Dyedm4oo50GsNKQaZdcB_-CJZHpc\/edit?usp=sharing\">tutaj<\/a> i wydrukowa\u0107. Podpisan\u0105 zgod\u0119 nale\u017cy odda\u0107 wychowawcy.<\/mark><\/p>\n\n\n\n<h2 class=\"wp-block-heading\"><strong>Klasowa sesja zdj\u0119ciowa<\/strong><\/h2>\n\n\n\n<p class=\"wp-block-paragraph\">Podczas sesji wykonywane s\u0105 zdj\u0119cia klasowe, kole\u017ce\u0144skie i indywidualne. <\/p>\n\n\n\n<figure class=\"wp-block-image size-full\"><img loading=\"lazy\" decoding=\"async\" width=\"900\" height=\"600\" src=\"https:\/\/scoolstory.pl\/wp-content\/uploads\/2025\/09\/169_6c_015.jpg\" alt=\"\" class=\"wp-image-438\" srcset=\"https:\/\/scoolstory.pl\/wp-content\/uploads\/2025\/09\/169_6c_015.jpg 900w, https:\/\/scoolstory.pl\/wp-content\/uploads\/2025\/09\/169_6c_015-300x200.jpg 300w, https:\/\/scoolstory.pl\/wp-content\/uploads\/2025\/09\/169_6c_015-768x512.jpg 768w\" sizes=\"auto, (max-width: 900px) 100vw, 900px\" \/><\/figure>\n\n\n\n<p class=\"wp-block-paragraph\"><strong><mark style=\"background-color:rgba(0, 0, 0, 0)\" class=\"has-inline-color has-black-color\">Jak przygotowa\u0107 dziecko do sesji?<\/mark><\/strong><\/p>\n\n\n\n<p class=\"wp-block-paragraph\">Sesje b\u0119dzie mia\u0142a charakter jesienny, dlatego prosimy, aby w dniu sesji uczniowie mieli na sobie czyste obuwie oraz codzienne ubrania w kolorach pasuj\u0105cych do stylizacji.<br>\u015awietnie sprawdz\u0105 si\u0119 biele, be\u017ce, odcienie \u017c\u00f3\u0142tego, pomara\u0144czowego, br\u0105zowego lub czerwonego.<br><br><mark style=\"background-color:rgba(0, 0, 0, 0)\" class=\"has-inline-color has-black-color\">Je\u015bli dziecko ma d\u0142u\u017csze w\u0142osy prosimy, aby zabra\u0142o ze sob\u0105 w\u0142asny grzebie\u0144 lub szczotk\u0119 do w\u0142os\u00f3w.<\/mark><\/p>\n\n\n\n<figure class=\"wp-block-image size-large\"><img loading=\"lazy\" decoding=\"async\" width=\"683\" height=\"1024\" src=\"https:\/\/scoolstory.pl\/wp-content\/uploads\/2025\/09\/169_5a_681-2-683x1024.jpg\" alt=\"\" class=\"wp-image-439\" srcset=\"https:\/\/scoolstory.pl\/wp-content\/uploads\/2025\/09\/169_5a_681-2-683x1024.jpg 683w, https:\/\/scoolstory.pl\/wp-content\/uploads\/2025\/09\/169_5a_681-2-200x300.jpg 200w, https:\/\/scoolstory.pl\/wp-content\/uploads\/2025\/09\/169_5a_681-2-768x1152.jpg 768w, https:\/\/scoolstory.pl\/wp-content\/uploads\/2025\/09\/169_5a_681-2-603x904.jpg 603w, https:\/\/scoolstory.pl\/wp-content\/uploads\/2025\/09\/169_5a_681-2.jpg 900w\" sizes=\"auto, (max-width: 683px) 100vw, 683px\" \/><\/figure>\n\n\n\n<p class=\"wp-block-paragraph\"><strong>Podgl\u0105d i p\u0142atno\u015b\u0107 za zdj\u0119cia<\/strong><\/p>\n\n\n\n<p class=\"wp-block-paragraph\"><mark style=\"background-color:rgba(0, 0, 0, 0)\" class=\"has-inline-color has-black-color\">Po wykonaniu zdj\u0119\u0107 otrzymaj\u0105 Pa\u0144stwo od wychowawcy link i has\u0142o do galerii,&nbsp; w kt\u00f3rej b\u0119dzie mo\u017cna obejrze\u0107 i zam\u00f3wi\u0107 wybrane uj\u0119cia. Po wyborze i zam\u00f3wieniu wybranych uj\u0119\u0107 prosimy o p\u0142atno\u015b\u0107<strong> przelewem. <\/strong>Realizowane b\u0119d\u0105 tylko op\u0142acone zam\u00f3wienia.<\/mark><\/p>\n\n\n\n<p class=\"wp-block-paragraph\"><mark style=\"background-color:rgba(0, 0, 0, 0)\" class=\"has-inline-color has-black-color\"><strong>Odbi\u00f3r zdj\u0119\u0107<\/strong><\/mark><\/p>\n\n\n\n<p class=\"wp-block-paragraph\"><mark style=\"background-color:rgba(0, 0, 0, 0)\" class=\"has-inline-color has-black-color\">W galerii internetowej ze zdj\u0119ciami znajdzie si\u0119 informacja o terminie dostarczenia wydrukowanych zdj\u0119\u0107 <strong>do szko\u0142y<\/strong>. Wychowawcy przeka\u017c\u0105 zam\u00f3wione i op\u0142acone zdj\u0119cia dzieciom.<\/mark><\/p>\n\n\n\n<figure class=\"wp-block-image size-large\"><img loading=\"lazy\" decoding=\"async\" width=\"683\" height=\"1024\" src=\"https:\/\/scoolstory.pl\/wp-content\/uploads\/2025\/09\/169_5a_828-683x1024.jpg\" alt=\"\" class=\"wp-image-440\" srcset=\"https:\/\/scoolstory.pl\/wp-content\/uploads\/2025\/09\/169_5a_828-683x1024.jpg 683w, https:\/\/scoolstory.pl\/wp-content\/uploads\/2025\/09\/169_5a_828-200x300.jpg 200w, https:\/\/scoolstory.pl\/wp-content\/uploads\/2025\/09\/169_5a_828-768x1152.jpg 768w, https:\/\/scoolstory.pl\/wp-content\/uploads\/2025\/09\/169_5a_828-603x904.jpg 603w, https:\/\/scoolstory.pl\/wp-content\/uploads\/2025\/09\/169_5a_828.jpg 900w\" sizes=\"auto, (max-width: 683px) 100vw, 683px\" \/><\/figure>\n\n\n\n<p class=\"wp-block-paragraph\"><strong>Cennik<\/strong> <strong>2025\/2<\/strong>6<\/p>\n\n\n\n<p class=\"wp-block-paragraph\"><mark style=\"background-color:rgba(0, 0, 0, 0)\" class=\"has-inline-color has-black-color\">Odbitki:<\/mark><br><mark style=\"background-color:rgba(0, 0, 0, 0)\" class=\"has-inline-color has-black-color\">Wydruk 15&#215;23 cm &#8211; 24 z\u0142 \/ szt.<br>Wydruk 20&#215;30 cm &#8211; 28 z\u0142 \/ szt.<br>*Ka\u017cda dodatkowa odbitka tego samego uj\u0119cia indywidualnego 10 z\u0142 taniej.<br><\/mark><\/p>\n\n\n\n<p class=\"wp-block-paragraph\"><mark style=\"background-color:rgba(0, 0, 0, 0)\" class=\"has-inline-color has-black-color\">DODATKOWE PRODUKTY:<br><\/mark><br><mark style=\"background-color:rgba(0, 0, 0, 0)\" class=\"has-inline-color has-black-color\">magnes 9&#215;13 cm w cenie: 22z\u0142<br>kalendarz 30&#215;60 cm: 45 z\u0142<br>fotoobraz 20x30cm w cenie: 70 z\u0142<br>fotoobraz 30&#215;45 cm w cenie: 90 z\u0142<br>fotoobraz 40&#215;60 cm w cenie: 110 z\u0142<\/mark><br><mark style=\"background-color:rgba(0, 0, 0, 0)\" class=\"has-inline-color has-black-color\">Zdj\u0119cia legitymacyjne (wydruk 35x45mm &#8211; 4 szt. + wersja cyfrowa): 35 z\u0142<\/mark><br><mark style=\"background-color:rgba(0, 0, 0, 0)\" class=\"has-inline-color has-black-color\">Wersja cyfrowa zdj\u0119cia indywidualnego &#8211; 40 z\u0142 \/ szt.<br><br><\/mark><strong>Dla zam\u00f3wie\u0144 powy\u017cej 200 z\u0142 wszystkie zam\u00f3wione do druku indywidualne zdj\u0119cia dziecka otrzymacie w wersji cyfrowej GRATIS.<\/strong><\/p>\n\n\n\n<figure class=\"wp-block-image size-large\"><img loading=\"lazy\" decoding=\"async\" width=\"683\" height=\"1024\" src=\"https:\/\/scoolstory.pl\/wp-content\/uploads\/2025\/09\/169_5a_475-683x1024.jpg\" alt=\"\" class=\"wp-image-441\" srcset=\"https:\/\/scoolstory.pl\/wp-content\/uploads\/2025\/09\/169_5a_475-683x1024.jpg 683w, https:\/\/scoolstory.pl\/wp-content\/uploads\/2025\/09\/169_5a_475-200x300.jpg 200w, https:\/\/scoolstory.pl\/wp-content\/uploads\/2025\/09\/169_5a_475-768x1152.jpg 768w, https:\/\/scoolstory.pl\/wp-content\/uploads\/2025\/09\/169_5a_475-603x904.jpg 603w, https:\/\/scoolstory.pl\/wp-content\/uploads\/2025\/09\/169_5a_475.jpg 900w\" sizes=\"auto, (max-width: 683px) 100vw, 683px\" \/><\/figure>\n","protected":false},"excerpt":{"rendered":"<p>Zgoda na wykonanie zdj\u0119\u0107 Przed sesj\u0105 uczniowie otrzymuj\u0105 od wychowawc\u00f3w formularze. Prosimy rodzic\u00f3w o podpisanie zgody na wykonanie zdj\u0119\u0107, je\u015bli \u017cycz\u0105 sobie Pa\u0144stwo, aby dzieci zosta\u0142y sfotografowane (dotyczy r\u00f3wnie\u017c zdj\u0119cia klasowego!). Formularz mo\u017cna te\u017c pobra\u0107 tutaj i wydrukowa\u0107. Podpisan\u0105 zgod\u0119 nale\u017cy odda\u0107 wychowawcy. Klasowa sesja zdj\u0119ciowa Podczas sesji wykonywane s\u0105 zdj\u0119cia klasowe, kole\u017ce\u0144skie i indywidualne. [&hellip;]<\/p>\n","protected":false},"author":1,"featured_media":0,"parent":0,"menu_order":0,"comment_status":"closed","ping_status":"closed","template":"","meta":{"footnotes":""},"class_list":["post-437","page","type-page","status-publish","hentry","content-columns-1"],"_links":{"self":[{"href":"https:\/\/scoolstory.pl\/index.php\/wp-json\/wp\/v2\/pages\/437","targetHints":{"allow":["GET"]}}],"collection":[{"href":"https:\/\/scoolstory.pl\/index.php\/wp-json\/wp\/v2\/pages"}],"about":[{"href":"https:\/\/scoolstory.pl\/index.php\/wp-json\/wp\/v2\/types\/page"}],"author":[{"embeddable":true,"href":"https:\/\/scoolstory.pl\/index.php\/wp-json\/wp\/v2\/users\/1"}],"replies":[{"embeddable":true,"href":"https:\/\/scoolstory.pl\/index.php\/wp-json\/wp\/v2\/comments?post=437"}],"version-history":[{"count":3,"href":"https:\/\/scoolstory.pl\/index.php\/wp-json\/wp\/v2\/pages\/437\/revisions"}],"predecessor-version":[{"id":446,"href":"https:\/\/scoolstory.pl\/index.php\/wp-json\/wp\/v2\/pages\/437\/revisions\/446"}],"wp:attachment":[{"href":"https:\/\/scoolstory.pl\/index.php\/wp-json\/wp\/v2\/media?parent=437"}],"curies":[{"name":"wp","href":"https:\/\/api.w.org\/{rel}","templated":true}]}}