{"id":466,"date":"2025-10-27T11:47:44","date_gmt":"2025-10-27T10:47:44","guid":{"rendered":"https:\/\/scoolstory.pl\/?page_id=466"},"modified":"2025-11-05T21:36:57","modified_gmt":"2025-11-05T20:36:57","slug":"sesja-xmas-2025","status":"publish","type":"page","link":"https:\/\/scoolstory.pl\/index.php\/sesja-xmas-2025\/","title":{"rendered":"Sesja \u015awi\u0105teczna 2025"},"content":{"rendered":"\n<h2 class=\"wp-block-heading\"><mark style=\"background-color:rgba(0, 0, 0, 0)\" class=\"has-inline-color has-black-color\"><strong>Zgoda na wykonanie zdj\u0119\u0107<\/strong><\/mark><\/h2>\n\n\n\n<p class=\"wp-block-paragraph\"><mark style=\"background-color:rgba(0, 0, 0, 0)\" class=\"has-inline-color has-black-color\">Prosimy rodzic\u00f3w o podpisanie zgody na wykonanie zdj\u0119\u0107, je\u015bli \u017cycz\u0105 sobie Pa\u0144stwo, aby dzieci zosta\u0142y sfotografowane. Listy dost\u0119pne s\u0105 w przedszkolu.<\/mark><\/p>\n\n\n\n<p class=\"wp-block-paragraph\"><mark style=\"background-color:rgba(0, 0, 0, 0)\" class=\"has-inline-color has-black-color\">Podczas sesji wykonywane s\u0105 zdj\u0119cia indywidualne i kole\u017ce\u0144skie.<\/mark><\/p>\n\n\n<div class=\"wp-block-image\">\n<figure class=\"aligncenter size-large\"><img loading=\"lazy\" decoding=\"async\" width=\"683\" height=\"1024\" src=\"https:\/\/scoolstory.pl\/wp-content\/uploads\/2025\/10\/DSC03770-copy-683x1024.jpg\" alt=\"\" class=\"wp-image-471\" srcset=\"https:\/\/scoolstory.pl\/wp-content\/uploads\/2025\/10\/DSC03770-copy-683x1024.jpg 683w, https:\/\/scoolstory.pl\/wp-content\/uploads\/2025\/10\/DSC03770-copy-200x300.jpg 200w, https:\/\/scoolstory.pl\/wp-content\/uploads\/2025\/10\/DSC03770-copy-768x1152.jpg 768w, https:\/\/scoolstory.pl\/wp-content\/uploads\/2025\/10\/DSC03770-copy-1024x1536.jpg 1024w, https:\/\/scoolstory.pl\/wp-content\/uploads\/2025\/10\/DSC03770-copy-1365x2048.jpg 1365w, https:\/\/scoolstory.pl\/wp-content\/uploads\/2025\/10\/DSC03770-copy-603x904.jpg 603w, https:\/\/scoolstory.pl\/wp-content\/uploads\/2025\/10\/DSC03770-copy-scaled.jpg 1707w\" sizes=\"auto, (max-width: 683px) 100vw, 683px\" \/><\/figure>\n<\/div>\n\n\n<p class=\"wp-block-paragraph\"><strong><mark style=\"background-color:rgba(0, 0, 0, 0)\" class=\"has-inline-color has-black-color\">Jak przygotowa\u0107 dziecko do sesji?<\/mark><\/strong><\/p>\n\n\n\n<p class=\"wp-block-paragraph\"><mark style=\"background-color:rgba(0, 0, 0, 0)\" class=\"has-inline-color has-black-color\">Prosimy, aby w dniu sesji dzieci by\u0142y ubrane w stroje kolorystycznie pasuj\u0105ce do stylizacji: bia\u0142y, be\u017cowy, ecru, czerwony, granatowy.<br><br>Mile widziane b\u0119d\u0105 akcenty \u015bwi\u0105teczne np. czapki Miko\u0142aja lub \u015bwi\u0105teczne opaski.<br><br>Na czas wykonywania zdj\u0119\u0107 dzieci mog\u0105 zmieni\u0107 przedszkolne obuwie na czyste obuwie pasuj\u0105ce do stroju.<br><br>Je\u015bli dziecko ma d\u0142u\u017csze w\u0142osy prosimy, aby zabra\u0142o ze sob\u0105 w\u0142asny grzebie\u0144 lub szczotk\u0119 do w\u0142os\u00f3w, aby mo\u017cna by\u0142o przeczesa\u0107 w\u0142osy przed wykonaniem zdj\u0119\u0107.<\/mark><\/p>\n\n\n\n<p class=\"wp-block-paragraph\"><strong>Podgl\u0105d i p\u0142atno\u015b\u0107 za zdj\u0119cia<\/strong><\/p>\n\n\n\n<p class=\"wp-block-paragraph\"><mark style=\"background-color:rgba(0, 0, 0, 0)\" class=\"has-inline-color has-black-color\">Po wykonaniu zdj\u0119\u0107 otrzymaj\u0105 Pa\u0144stwo od wychowawcy link i has\u0142o do galerii,\u00a0w kt\u00f3rej b\u0119dzie mo\u017cna obejrze\u0107 i zam\u00f3wi\u0107 wybrane uj\u0119cia. Po wyborze i zam\u00f3wieniu wybranych uj\u0119\u0107 prosimy o p\u0142atno\u015b\u0107<strong> przelewem. <\/strong>Realizowane b\u0119d\u0105 tylko op\u0142acone zam\u00f3wienia.<\/mark><\/p>\n\n\n\n<p class=\"wp-block-paragraph\"><mark style=\"background-color:rgba(0, 0, 0, 0)\" class=\"has-inline-color has-black-color\"><strong>Odbi\u00f3r zdj\u0119\u0107<\/strong><\/mark><\/p>\n\n\n\n<p class=\"wp-block-paragraph\"><mark style=\"background-color:rgba(0, 0, 0, 0)\" class=\"has-inline-color has-black-color\">W galerii internetowej ze zdj\u0119ciami znajdzie si\u0119 informacja o terminie dostarczenia wydrukowanych zdj\u0119\u0107 <strong>do przedszkola<\/strong>. Wychowawcy przeka\u017c\u0105 zam\u00f3wione i op\u0142acone zdj\u0119cia dzieciom.<\/mark><\/p>\n\n\n\n<p class=\"wp-block-paragraph\"><strong>Cennik<\/strong> <strong>2025\/26<\/strong><\/p>\n\n\n\n<p class=\"wp-block-paragraph\"><mark style=\"background-color:rgba(0, 0, 0, 0)\" class=\"has-inline-color has-black-color\">Odbitki:<\/mark><br><mark style=\"background-color:rgba(0, 0, 0, 0)\" class=\"has-inline-color has-black-color\">Wydruk 15&#215;23 cm &#8211; 24 z\u0142 \/ szt.<br>Wydruk 20&#215;30 cm &#8211; 28 z\u0142 \/ szt.<br>*Ka\u017cda dodatkowa odbitka tego samego uj\u0119cia indywidualnego 10 z\u0142 taniej.<br><\/mark><\/p>\n\n\n\n<p class=\"wp-block-paragraph\"><mark style=\"background-color:rgba(0, 0, 0, 0)\" class=\"has-inline-color has-black-color\">DODATKOWE PRODUKTY:<br><\/mark><br><mark style=\"background-color:rgba(0, 0, 0, 0)\" class=\"has-inline-color has-black-color\">magnes 9&#215;13 cm w cenie: 22z\u0142<br>kalendarz 30&#215;60 cm: 45 z\u0142<br>fotoobraz 20x30cm w cenie: 70 z\u0142<br>fotoobraz 30&#215;45 cm w cenie: 90 z\u0142<br>fotoobraz 40&#215;60 cm w cenie: 110 z\u0142<\/mark><br><br><mark style=\"background-color:rgba(0, 0, 0, 0)\" class=\"has-inline-color has-black-color\">Wersja cyfrowa zdj\u0119cia indywidualnego &#8211; 35 z\u0142 \/ szt.<br><br><\/mark><strong>Dla zam\u00f3wie\u0144 powy\u017cej 200 z\u0142 wszystkie zam\u00f3wione do druku indywidualne zdj\u0119cia dziecka otrzymaj\u0105 Pa\u0144stwo w wersji cyfrowej GRATIS.<\/strong><\/p>\n","protected":false},"excerpt":{"rendered":"<p>Zgoda na wykonanie zdj\u0119\u0107 Prosimy rodzic\u00f3w o podpisanie zgody na wykonanie zdj\u0119\u0107, je\u015bli \u017cycz\u0105 sobie Pa\u0144stwo, aby dzieci zosta\u0142y sfotografowane. Listy dost\u0119pne s\u0105 w przedszkolu. Podczas sesji wykonywane s\u0105 zdj\u0119cia indywidualne i kole\u017ce\u0144skie. Jak przygotowa\u0107 dziecko do sesji? Prosimy, aby w dniu sesji dzieci by\u0142y ubrane w stroje kolorystycznie pasuj\u0105ce do stylizacji: bia\u0142y, be\u017cowy, ecru, [&hellip;]<\/p>\n","protected":false},"author":1,"featured_media":0,"parent":0,"menu_order":0,"comment_status":"closed","ping_status":"closed","template":"","meta":{"footnotes":""},"class_list":["post-466","page","type-page","status-publish","hentry","content-columns-1"],"_links":{"self":[{"href":"https:\/\/scoolstory.pl\/index.php\/wp-json\/wp\/v2\/pages\/466","targetHints":{"allow":["GET"]}}],"collection":[{"href":"https:\/\/scoolstory.pl\/index.php\/wp-json\/wp\/v2\/pages"}],"about":[{"href":"https:\/\/scoolstory.pl\/index.php\/wp-json\/wp\/v2\/types\/page"}],"author":[{"embeddable":true,"href":"https:\/\/scoolstory.pl\/index.php\/wp-json\/wp\/v2\/users\/1"}],"replies":[{"embeddable":true,"href":"https:\/\/scoolstory.pl\/index.php\/wp-json\/wp\/v2\/comments?post=466"}],"version-history":[{"count":9,"href":"https:\/\/scoolstory.pl\/index.php\/wp-json\/wp\/v2\/pages\/466\/revisions"}],"predecessor-version":[{"id":477,"href":"https:\/\/scoolstory.pl\/index.php\/wp-json\/wp\/v2\/pages\/466\/revisions\/477"}],"wp:attachment":[{"href":"https:\/\/scoolstory.pl\/index.php\/wp-json\/wp\/v2\/media?parent=466"}],"curies":[{"name":"wp","href":"https:\/\/api.w.org\/{rel}","templated":true}]}}